{"id":1690,"date":"2023-05-15T17:00:31","date_gmt":"2023-05-15T21:00:31","guid":{"rendered":"https:\/\/attorneyjeff25.wpenginepowered.com\/?page_id=1690"},"modified":"2023-05-16T09:11:28","modified_gmt":"2023-05-16T13:11:28","slug":"head-on-collisions","status":"publish","type":"page","link":"https:\/\/attorneyjeff.com\/es\/santa-ana-car-accident-lawyer\/head-on-collisions\/","title":{"rendered":"Abogado de colisiones frontales en Santa Ana"},"content":{"rendered":"<p>Si ha estado en un accidente automovil\u00edstico frontal en Santa Ana, es fundamental buscar la ayuda de un profesional <a href=\"https:\/\/attorneyjeff.com\/es\/santa-ana-car-accident-lawyer\/\">abogado de accidentes automovil\u00edsticos<\/a>.<\/p>\n<p>El abogado Jeff Fayngor lleva m\u00e1s de 20 a\u00f1os representando a residentes de California en demandas por lesiones personales y aboga firmemente por las v\u00edctimas de colisiones frontales. Cont\u00e1ctenos en Attorney Jeff Injury Lawyers para solicitar una evaluaci\u00f3n de su caso.<\/p>\n<h2>\u00bfPor qu\u00e9 ocurren la mayor\u00eda de los accidentes automovil\u00edsticos frontales?<\/h2>\n<p>Las colisiones frontales involucran dos veh\u00edculos que circulan en direcciones opuestas y chocan entre s\u00ed. Este tipo de accidentes puede ocurrir debido al exceso de velocidad, las distracciones al conducir y la comisi\u00f3n de infracciones que interrumpen el flujo vehicular; por ejemplo, realizar giros prohibidos, as\u00ed como saltarse las se\u00f1ales de alto y los sem\u00e1foros en rojo.<\/p>\n<p>Estos accidentes tambi\u00e9n pueden ser causados por conductores que conducen bajo los efectos de drogas o alcohol. Quedarse dormido al volante y no obedecer las se\u00f1ales de tr\u00e1nsito o las se\u00f1ales de direcci\u00f3n contraria tambi\u00e9n pueden provocar colisiones frontales en California.<\/p>\n<h2>Riesgos de lesiones y muerte en accidentes de colisi\u00f3n frontal<\/h2>\n<p>Las colisiones frontales son uno de los tipos de accidentes automovil\u00edsticos m\u00e1s peligrosos y suelen causar lesiones graves. Los m\u00e1s comunes incluyen:<\/p>\n<ul>\n<li>Lesiones por latigazo cervical, cuello o m\u00e9dula espinal<\/li>\n<li>Conmociones cerebrales, lesiones cerebrales traum\u00e1ticas (LCT) y fracturas de cr\u00e1neo<\/li>\n<li>Lesiones en el pecho, costillas rotas, pulmones colapsados y hemorragia interna.<\/li>\n<li>Lesiones faciales, incluidos huesos rotos, laceraciones y lesiones dentales.<\/li>\n<li>Lesiones abdominales que van desde da\u00f1o a \u00f3rganos hasta fractura de pelvis.<\/li>\n<li>Huesos rotos, fracturas y dislocaciones de brazos y piernas<\/li>\n<li>Da\u00f1o psicol\u00f3gico, como depresi\u00f3n, ansiedad y trastorno de estr\u00e9s postraum\u00e1tico (TEPT)<\/li>\n<\/ul>\n<p>Una vez que haya recibido atenci\u00f3n de emergencia, consulte con un abogado especializado en accidentes automovil\u00edsticos frontales.<\/p>\n<h2>C\u00f3mo puede ayudar un abogado especializado en accidentes de colisi\u00f3n frontal en Santa Ana<\/h2>\n<p>Aseg\u00farese de discutir los detalles de su caso con un abogado especializado en colisiones frontales para determinar si tiene una reclamaci\u00f3n v\u00e1lida. De ser as\u00ed, podr\u00e1 asesorarlo sobre sus derechos legales, las opciones de compensaci\u00f3n y el proceso legal del caso. Un abogado puede investigar el accidente para determinar la causa del choque y la parte culpable.<\/p>\n<p>Tambi\u00e9n pueden verificar si existen otros factores contribuyentes, como un dise\u00f1o vial defectuoso o una infraestructura mal mantenida. Esta investigaci\u00f3n es crucial para construir un caso s\u00f3lido a favor de la v\u00edctima.<\/p>\n<p>Al contratarnos, negociamos en su nombre con las compa\u00f1\u00edas de seguros y los abogados de la otra parte. Podemos ayudarle a obtener la compensaci\u00f3n que le corresponde por sus lesiones, da\u00f1os y otras p\u00e9rdidas.<\/p>\n<p>La mayor\u00eda de las demandas por lesiones personales se resuelven extrajudicialmente. Sin embargo, si su caso llega a juicio, nuestro bufete puede representarlo ante un jurado y defender su derecho a una indemnizaci\u00f3n.<\/p>\n<h2>\u00bfCu\u00e1nto vale una colisi\u00f3n frontal?<\/h2>\n<p>Los accidentes de colisi\u00f3n frontal pueden causar lesiones catastr\u00f3ficas. El costo del tratamiento, las hospitalizaciones, la rehabilitaci\u00f3n y la atenci\u00f3n continua puede ser considerable, adem\u00e1s de que las v\u00edctimas pueden sufrir p\u00e9rdidas de ingresos por falta de trabajo. Nuestros abogados de lesiones personales tambi\u00e9n comprenden el impacto negativo de un accidente de auto en el futuro de la v\u00edctima y su familia.<\/p>\n<p>Asignar un valor monetario a los casos de colisi\u00f3n frontal sin evaluar a fondo las circunstancias y los da\u00f1os involucrados es dif\u00edcil. Esto se debe a que cada caso es \u00fanico. El monto de la indemnizaci\u00f3n variar\u00e1 seg\u00fan la gravedad de la lesi\u00f3n, los costos del tratamiento m\u00e9dico, el impacto del accidente en la calidad de vida de la v\u00edctima y la p\u00e9rdida de ingresos.<\/p>\n<p>Un abogado de lesiones personales puede evaluar el alcance de los da\u00f1os, p\u00e9rdidas o lesiones sufridas en un caso de colisi\u00f3n frontal y trabajar para asegurar una compensaci\u00f3n justa con el seguro de autom\u00f3vil del conductor culpable o llevar el caso a los tribunales si es necesario.<\/p>\n<h2>Despu\u00e9s de un choque frontal, comun\u00edquese con nuestro bufete de lesiones de Santa Ana<\/h2>\n<p>Si usted o alguien que conoce ha resultado herido en un accidente de colisi\u00f3n frontal en Santa Ana, <a href=\"https:\/\/attorneyjeff.com\/es\/contact-us\/\">Cont\u00e1ctanos<\/a> en <a href=\"https:\/\/attorneyjeff.com\/es\/about-us\/\">Abogado Jeff Injury Lawyers<\/a> Para una consulta inicial gratuita. Contamos con una amplia experiencia en casos de accidentes graves y podemos ayudarle a obtener la compensaci\u00f3n que merece.<\/p>\n<h2>Preguntas frecuentes sobre casos de colisi\u00f3n frontal<\/h2>\n<div class=\"home-accordion\"><\/p>\n<h3>\u00bfQu\u00e9 debo hacer despu\u00e9s de un accidente de colisi\u00f3n frontal?<\/h3><div>\n<p>Llame a la polic\u00eda, intercambie informaci\u00f3n con el otro conductor, busque atenci\u00f3n m\u00e9dica y consulte a un abogado para que le ayude a obtener una compensaci\u00f3n por sus lesiones.<\/p>\n<\/div><h3>\u00bfCu\u00e1nto tiempo tengo para presentar una demanda despu\u00e9s de un accidente frontal?<\/h3><div>\n<p>El plazo de prescripci\u00f3n para casos de lesiones personales en California es de dos a\u00f1os a partir de la fecha del accidente.<\/p>\n<\/div><h3>\u00bfCu\u00e1nto cuesta contratar un abogado en Santa Ana?<\/h3><div>\n<p>Trabajamos \u00fanicamente con honorarios de contingencia, lo que significa que solo deber\u00e1 pagar una parte de la indemnizaci\u00f3n si ganamos su caso. Cont\u00e1ctenos para una evaluaci\u00f3n gratuita de su caso y analizar sus opciones.<\/p>\n<p><\/div><\/div><script type=\"application\/ld+json\">{\"@context\": \"https:\/\/schema.org\",\"@type\": \"FAQPage\",\"mainEntity\":[{\"@type\": \"Question\",\"name\": \"\nWhat should I do following a head-on collision accident?\",\"acceptedAnswer\": {\"@type\": \"Answer\",\"text\": \"\nCall the police, exchange information with the other driver, seek medical attention, and consult a lawyer to help you obtain compensation for your injuries.\n\"}},{\"@type\": \"Question\",\"name\": \"How long do I have to file a lawsuit after a head-on accident?\",\"acceptedAnswer\": {\"@type\": \"Answer\",\"text\": \"\nThe statute of limitations for personal injury cases in California is two years from the accident date.\n\"}},{\"@type\": \"Question\",\"name\": \"How much does hiring an attorney in Santa Ana cost?\",\"acceptedAnswer\": {\"@type\": \"Answer\",\"text\": \"\nWe work only contingency fee terms, meaning you only owe a portion of the award if we win your case. Contact us for a free case evaluation to discuss your options.\n\"}}]}<\/script>","protected":false},"excerpt":{"rendered":"<p>If you have been in a head-on car accident in Santa Ana, it is crucial to seek the help of &#8230;<\/p>","protected":false},"author":24,"featured_media":1694,"parent":873,"menu_order":0,"comment_status":"closed","ping_status":"closed","template":"","meta":{"inline_featured_image":false,"_monsterinsights_skip_tracking":false,"_monsterinsights_sitenote_active":false,"_monsterinsights_sitenote_note":"","_monsterinsights_sitenote_category":0,"footnotes":""},"class_list":["post-1690","page","type-page","status-publish","has-post-thumbnail","hentry"],"acf":[],"yoast_head":"<!-- This site is optimized with the Yoast SEO plugin v27.4 - https:\/\/yoast.com\/product\/yoast-seo-wordpress\/ -->\n<title>Santa Ana Head-On Collision Accident Attorney | Attorney Jeff<\/title>\n<meta name=\"description\" content=\"If you or a loved one has been involved in a head-on collision in Santa Ana, contact an experienced car accident attorney at our firm.\" \/>\n<meta name=\"robots\" content=\"index, follow, max-snippet:-1, max-image-preview:large, max-video-preview:-1\" \/>\n<link rel=\"canonical\" href=\"https:\/\/attorneyjeff.com\/es\/santa-ana-car-accident-lawyer\/head-on-collisions\/\" \/>\n<meta property=\"og:locale\" content=\"es_MX\" \/>\n<meta property=\"og:type\" content=\"article\" \/>\n<meta property=\"og:title\" content=\"Santa Ana Head-On Collision Accident Attorney | Attorney Jeff\" \/>\n<meta property=\"og:description\" content=\"If you or a loved one has been involved in a head-on collision in Santa Ana, contact an experienced car accident attorney at our firm.\" \/>\n<meta property=\"og:url\" content=\"https:\/\/attorneyjeff.com\/es\/santa-ana-car-accident-lawyer\/head-on-collisions\/\" \/>\n<meta property=\"og:site_name\" content=\"Attorney Jeff\" \/>\n<meta property=\"article:modified_time\" content=\"2023-05-16T13:11:28+00:00\" \/>\n<meta property=\"og:image\" content=\"https:\/\/attorneyjeff.com\/wp-content\/uploads\/2023\/05\/Santa-Ana-Head-On-Collision-Accident-Attorney-scaled.webp\" \/>\n\t<meta property=\"og:image:width\" content=\"2560\" \/>\n\t<meta property=\"og:image:height\" content=\"1701\" \/>\n\t<meta property=\"og:image:type\" content=\"image\/webp\" \/>\n<meta name=\"twitter:card\" content=\"summary_large_image\" \/>\n<script type=\"application\/ld+json\" class=\"yoast-schema-graph\">{\"@context\":\"https:\\\/\\\/schema.org\",\"@graph\":[{\"@type\":\"WebPage\",\"@id\":\"https:\\\/\\\/attorneyjeff.com\\\/santa-ana-car-accident-lawyer\\\/head-on-collisions\\\/\",\"url\":\"https:\\\/\\\/attorneyjeff.com\\\/santa-ana-car-accident-lawyer\\\/head-on-collisions\\\/\",\"name\":\"Santa Ana Head-On Collision Accident Attorney | Attorney Jeff\",\"isPartOf\":{\"@id\":\"https:\\\/\\\/attorneyjeff.com\\\/#website\"},\"primaryImageOfPage\":{\"@id\":\"https:\\\/\\\/attorneyjeff.com\\\/santa-ana-car-accident-lawyer\\\/head-on-collisions\\\/#primaryimage\"},\"image\":{\"@id\":\"https:\\\/\\\/attorneyjeff.com\\\/santa-ana-car-accident-lawyer\\\/head-on-collisions\\\/#primaryimage\"},\"thumbnailUrl\":\"https:\\\/\\\/attorneyjeff.com\\\/wp-content\\\/uploads\\\/2023\\\/05\\\/Santa-Ana-Head-On-Collision-Accident-Attorney-scaled.webp\",\"datePublished\":\"2023-05-15T21:00:31+00:00\",\"dateModified\":\"2023-05-16T13:11:28+00:00\",\"description\":\"If you or a loved one has been involved in a head-on collision in Santa Ana, contact an experienced car accident attorney at our firm.\",\"breadcrumb\":{\"@id\":\"https:\\\/\\\/attorneyjeff.com\\\/santa-ana-car-accident-lawyer\\\/head-on-collisions\\\/#breadcrumb\"},\"inLanguage\":\"es\",\"potentialAction\":[{\"@type\":\"ReadAction\",\"target\":[\"https:\\\/\\\/attorneyjeff.com\\\/santa-ana-car-accident-lawyer\\\/head-on-collisions\\\/\"]}]},{\"@type\":\"ImageObject\",\"inLanguage\":\"es\",\"@id\":\"https:\\\/\\\/attorneyjeff.com\\\/santa-ana-car-accident-lawyer\\\/head-on-collisions\\\/#primaryimage\",\"url\":\"https:\\\/\\\/attorneyjeff.com\\\/wp-content\\\/uploads\\\/2023\\\/05\\\/Santa-Ana-Head-On-Collision-Accident-Attorney-scaled.webp\",\"contentUrl\":\"https:\\\/\\\/attorneyjeff.com\\\/wp-content\\\/uploads\\\/2023\\\/05\\\/Santa-Ana-Head-On-Collision-Accident-Attorney-scaled.webp\",\"width\":2560,\"height\":1701,\"caption\":\"Santa Ana Head-On Collision Accident Attorney\"},{\"@type\":\"BreadcrumbList\",\"@id\":\"https:\\\/\\\/attorneyjeff.com\\\/santa-ana-car-accident-lawyer\\\/head-on-collisions\\\/#breadcrumb\",\"itemListElement\":[{\"@type\":\"ListItem\",\"position\":1,\"name\":\"Home\",\"item\":\"https:\\\/\\\/attorneyjeff.com\\\/\"},{\"@type\":\"ListItem\",\"position\":2,\"name\":\"Santa Ana Car Accident Lawyer\",\"item\":\"https:\\\/\\\/attorneyjeff.com\\\/santa-ana-car-accident-lawyer\\\/\"},{\"@type\":\"ListItem\",\"position\":3,\"name\":\"Santa Ana Head-On Collision Attorney\"}]},{\"@type\":\"WebSite\",\"@id\":\"https:\\\/\\\/attorneyjeff.com\\\/#website\",\"url\":\"https:\\\/\\\/attorneyjeff.com\\\/\",\"name\":\"Attorney Jeff\",\"description\":\"Car Accident Lawyer\",\"potentialAction\":[{\"@type\":\"SearchAction\",\"target\":{\"@type\":\"EntryPoint\",\"urlTemplate\":\"https:\\\/\\\/attorneyjeff.com\\\/?s={search_term_string}\"},\"query-input\":{\"@type\":\"PropertyValueSpecification\",\"valueRequired\":true,\"valueName\":\"search_term_string\"}}],\"inLanguage\":\"es\"}]}<\/script>\n<!-- \/ Yoast SEO plugin. -->","yoast_head_json":{"title":"Santa Ana Head-On Collision Accident Attorney | Attorney Jeff","description":"If you or a loved one has been involved in a head-on collision in Santa Ana, contact an experienced car accident attorney at our firm.","robots":{"index":"index","follow":"follow","max-snippet":"max-snippet:-1","max-image-preview":"max-image-preview:large","max-video-preview":"max-video-preview:-1"},"canonical":"https:\/\/attorneyjeff.com\/es\/santa-ana-car-accident-lawyer\/head-on-collisions\/","og_locale":"es_MX","og_type":"article","og_title":"Santa Ana Head-On Collision Accident Attorney | Attorney Jeff","og_description":"If you or a loved one has been involved in a head-on collision in Santa Ana, contact an experienced car accident attorney at our firm.","og_url":"https:\/\/attorneyjeff.com\/es\/santa-ana-car-accident-lawyer\/head-on-collisions\/","og_site_name":"Attorney Jeff","article_modified_time":"2023-05-16T13:11:28+00:00","og_image":[{"width":2560,"height":1701,"url":"https:\/\/attorneyjeff.com\/wp-content\/uploads\/2023\/05\/Santa-Ana-Head-On-Collision-Accident-Attorney-scaled.webp","type":"image\/webp"}],"twitter_card":"summary_large_image","schema":{"@context":"https:\/\/schema.org","@graph":[{"@type":"WebPage","@id":"https:\/\/attorneyjeff.com\/santa-ana-car-accident-lawyer\/head-on-collisions\/","url":"https:\/\/attorneyjeff.com\/santa-ana-car-accident-lawyer\/head-on-collisions\/","name":"Santa Ana Head-On Collision Accident Attorney | Attorney Jeff","isPartOf":{"@id":"https:\/\/attorneyjeff.com\/#website"},"primaryImageOfPage":{"@id":"https:\/\/attorneyjeff.com\/santa-ana-car-accident-lawyer\/head-on-collisions\/#primaryimage"},"image":{"@id":"https:\/\/attorneyjeff.com\/santa-ana-car-accident-lawyer\/head-on-collisions\/#primaryimage"},"thumbnailUrl":"https:\/\/attorneyjeff.com\/wp-content\/uploads\/2023\/05\/Santa-Ana-Head-On-Collision-Accident-Attorney-scaled.webp","datePublished":"2023-05-15T21:00:31+00:00","dateModified":"2023-05-16T13:11:28+00:00","description":"If you or a loved one has been involved in a head-on collision in Santa Ana, contact an experienced car accident attorney at our firm.","breadcrumb":{"@id":"https:\/\/attorneyjeff.com\/santa-ana-car-accident-lawyer\/head-on-collisions\/#breadcrumb"},"inLanguage":"es","potentialAction":[{"@type":"ReadAction","target":["https:\/\/attorneyjeff.com\/santa-ana-car-accident-lawyer\/head-on-collisions\/"]}]},{"@type":"ImageObject","inLanguage":"es","@id":"https:\/\/attorneyjeff.com\/santa-ana-car-accident-lawyer\/head-on-collisions\/#primaryimage","url":"https:\/\/attorneyjeff.com\/wp-content\/uploads\/2023\/05\/Santa-Ana-Head-On-Collision-Accident-Attorney-scaled.webp","contentUrl":"https:\/\/attorneyjeff.com\/wp-content\/uploads\/2023\/05\/Santa-Ana-Head-On-Collision-Accident-Attorney-scaled.webp","width":2560,"height":1701,"caption":"Santa Ana Head-On Collision Accident Attorney"},{"@type":"BreadcrumbList","@id":"https:\/\/attorneyjeff.com\/santa-ana-car-accident-lawyer\/head-on-collisions\/#breadcrumb","itemListElement":[{"@type":"ListItem","position":1,"name":"Home","item":"https:\/\/attorneyjeff.com\/"},{"@type":"ListItem","position":2,"name":"Santa Ana Car Accident Lawyer","item":"https:\/\/attorneyjeff.com\/santa-ana-car-accident-lawyer\/"},{"@type":"ListItem","position":3,"name":"Santa Ana Head-On Collision Attorney"}]},{"@type":"WebSite","@id":"https:\/\/attorneyjeff.com\/#website","url":"https:\/\/attorneyjeff.com\/","name":"El abogado Jeff","description":"Abogado de accidentes de coche","potentialAction":[{"@type":"SearchAction","target":{"@type":"EntryPoint","urlTemplate":"https:\/\/attorneyjeff.com\/?s={search_term_string}"},"query-input":{"@type":"PropertyValueSpecification","valueRequired":true,"valueName":"search_term_string"}}],"inLanguage":"es"}]}},"_links":{"self":[{"href":"https:\/\/attorneyjeff.com\/es\/wp-json\/wp\/v2\/pages\/1690","targetHints":{"allow":["GET"]}}],"collection":[{"href":"https:\/\/attorneyjeff.com\/es\/wp-json\/wp\/v2\/pages"}],"about":[{"href":"https:\/\/attorneyjeff.com\/es\/wp-json\/wp\/v2\/types\/page"}],"author":[{"embeddable":true,"href":"https:\/\/attorneyjeff.com\/es\/wp-json\/wp\/v2\/users\/24"}],"replies":[{"embeddable":true,"href":"https:\/\/attorneyjeff.com\/es\/wp-json\/wp\/v2\/comments?post=1690"}],"version-history":[{"count":0,"href":"https:\/\/attorneyjeff.com\/es\/wp-json\/wp\/v2\/pages\/1690\/revisions"}],"up":[{"embeddable":true,"href":"https:\/\/attorneyjeff.com\/es\/wp-json\/wp\/v2\/pages\/873"}],"wp:featuredmedia":[{"embeddable":true,"href":"https:\/\/attorneyjeff.com\/es\/wp-json\/wp\/v2\/media\/1694"}],"wp:attachment":[{"href":"https:\/\/attorneyjeff.com\/es\/wp-json\/wp\/v2\/media?parent=1690"}],"curies":[{"name":"wp","href":"https:\/\/api.w.org\/{rel}","templated":true}]}}